{"id":1566,"date":"2020-05-17T13:20:58","date_gmt":"2020-05-17T13:20:58","guid":{"rendered":"https:\/\/test.flygandemattan.se\/?page_id=1566"},"modified":"2020-10-28T13:47:10","modified_gmt":"2020-10-28T13:47:10","slug":"vanliga-fragor-faq","status":"publish","type":"page","link":"https:\/\/forskolanflygandemattan.se\/?page_id=1566","title":{"rendered":"Vanliga fr\u00e5gor (FAQ)"},"content":{"rendered":"\t\t<div data-elementor-type=\"wp-page\" data-elementor-id=\"1566\" class=\"elementor elementor-1566\">\n\t\t\t\t\t\t<div class=\"elementor-inner\">\n\t\t\t\t<div class=\"elementor-section-wrap\">\n\t\t\t\t\t\t\t\t\t<section class=\"elementor-section elementor-top-section elementor-element elementor-element-aea9824 elementor-section-boxed elementor-section-height-default elementor-section-height-default\" data-id=\"aea9824\" data-element_type=\"section\">\n\t\t\t\t\t\t<div class=\"elementor-container elementor-column-gap-default\">\n\t\t\t\t\t\t\t<div class=\"elementor-row\">\n\t\t\t\t\t<div class=\"elementor-column elementor-col-33 elementor-top-column elementor-element elementor-element-4f617af\" data-id=\"4f617af\" data-element_type=\"column\">\n\t\t\t<div class=\"elementor-column-wrap\">\n\t\t\t\t\t\t\t<div class=\"elementor-widget-wrap\">\n\t\t\t\t\t\t\t\t<\/div>\n\t\t\t\t\t<\/div>\n\t\t<\/div>\n\t\t\t\t<div class=\"elementor-column elementor-col-33 elementor-top-column elementor-element elementor-element-31dfffa\" data-id=\"31dfffa\" data-element_type=\"column\">\n\t\t\t<div class=\"elementor-column-wrap elementor-element-populated\">\n\t\t\t\t\t\t\t<div class=\"elementor-widget-wrap\">\n\t\t\t\t\t\t<div class=\"elementor-element elementor-element-1d87f2c elementor-widget elementor-widget-spacer\" data-id=\"1d87f2c\" data-element_type=\"widget\" data-widget_type=\"spacer.default\">\n\t\t\t\t<div class=\"elementor-widget-container\">\n\t\t\t\t\t<div class=\"elementor-spacer\">\n\t\t\t<div class=\"elementor-spacer-inner\"><\/div>\n\t\t<\/div>\n\t\t\t\t<\/div>\n\t\t\t\t<\/div>\n\t\t\t\t<div class=\"elementor-element elementor-element-968e497 elementor-widget elementor-widget-heading\" data-id=\"968e497\" data-element_type=\"widget\" data-widget_type=\"heading.default\">\n\t\t\t\t<div class=\"elementor-widget-container\">\n\t\t\t<h2 class=\"elementor-heading-title elementor-size-default\">FAQ<\/h2>\t\t<\/div>\n\t\t\t\t<\/div>\n\t\t\t\t<div class=\"elementor-element elementor-element-3f3e696 elementor-widget elementor-widget-accordion\" data-id=\"3f3e696\" data-element_type=\"widget\" data-widget_type=\"accordion.default\">\n\t\t\t\t<div class=\"elementor-widget-container\">\n\t\t\t\t\t<div class=\"elementor-accordion\" role=\"tablist\">\n\t\t\t\t\t\t\t<div class=\"elementor-accordion-item\">\n\t\t\t\t\t<div id=\"elementor-tab-title-6631\" class=\"elementor-tab-title\" data-tab=\"1\" role=\"tab\" aria-controls=\"elementor-tab-content-6631\" aria-expanded=\"false\">\n\t\t\t\t\t\t\t\t\t\t\t\t\t<span class=\"elementor-accordion-icon elementor-accordion-icon-left\" aria-hidden=\"true\">\n\t\t\t\t\t\t\t\t\t\t\t\t\t\t\t<span class=\"elementor-accordion-icon-closed\"><i class=\"fas fa-plus\"><\/i><\/span>\n\t\t\t\t\t\t\t\t<span class=\"elementor-accordion-icon-opened\"><i class=\"fas fa-minus\"><\/i><\/span>\n\t\t\t\t\t\t\t\t\t\t\t\t\t\t<\/span>\n\t\t\t\t\t\t\t\t\t\t\t\t<a class=\"elementor-accordion-title\" href=\"\">Hur s\u00f6ker man barnplacering till f\u00f6rskolan? <\/a>\n\t\t\t\t\t<\/div>\n\t\t\t\t\t<div id=\"elementor-tab-content-6631\" class=\"elementor-tab-content elementor-clearfix\" data-tab=\"1\" role=\"tabpanel\" aria-labelledby=\"elementor-tab-title-6631\"><p>F\u00f6r att s\u00f6ka plats till v\u00e5ra f\u00f6rskolor, m\u00e5ste man f\u00f6rst vara registrerad i respektive kommun barnomsorgsk\u00f6. V\u00e4nligen l\u00e4s mer om <a href=\"https:\/\/test.flygandemattan.se\/?page_id=1131\">Huddinge och Haninge ans\u00f6kningsprocess h\u00e4r.<\/a> \u00d6nskar ni skicka Flygande mattan en intresseanm\u00e4lan f\u00f6r plats, kan ni g\u00f6ra detta p\u00e5 v\u00e5r hemsia genom att klicka p\u00e5 knappen &#8220;B\u00f6rja p\u00e5 FM&#8221;, l\u00e4ngst om till h\u00f6ger.<br \/>\u00c4r ni folkbokf\u00f6rda i en annan kommun \u00e4n Huddinge eller Haninge ber vi er skicka oss en intresseanm\u00e4lan enligt ovanst\u00e5ende instruktioner, vi kontaktar er sedan f\u00f6r att g\u00e5 vidare i processen. <\/p><p>\u00a0<\/p><\/div>\n\t\t\t\t<\/div>\n\t\t\t\t\t\t\t<div class=\"elementor-accordion-item\">\n\t\t\t\t\t<div id=\"elementor-tab-title-6632\" class=\"elementor-tab-title\" data-tab=\"2\" role=\"tab\" aria-controls=\"elementor-tab-content-6632\" aria-expanded=\"false\">\n\t\t\t\t\t\t\t\t\t\t\t\t\t<span class=\"elementor-accordion-icon elementor-accordion-icon-left\" aria-hidden=\"true\">\n\t\t\t\t\t\t\t\t\t\t\t\t\t\t\t<span class=\"elementor-accordion-icon-closed\"><i class=\"fas fa-plus\"><\/i><\/span>\n\t\t\t\t\t\t\t\t<span class=\"elementor-accordion-icon-opened\"><i class=\"fas fa-minus\"><\/i><\/span>\n\t\t\t\t\t\t\t\t\t\t\t\t\t\t<\/span>\n\t\t\t\t\t\t\t\t\t\t\t\t<a class=\"elementor-accordion-title\" href=\"\">Varf\u00f6r st\u00e4nger f\u00f6rskolan p\u00e5 Eid?<\/a>\n\t\t\t\t\t<\/div>\n\t\t\t\t\t<div id=\"elementor-tab-content-6632\" class=\"elementor-tab-content elementor-clearfix\" data-tab=\"2\" role=\"tabpanel\" aria-labelledby=\"elementor-tab-title-6632\"><p>Vi st\u00e4nger f\u00f6rskolorna om Eid infaller p\u00e5 en vardag.\u00a0 Eid \u00e4r muslimernas h\u00f6gtid och vi ser att barnen ska m\u00f6jligheten att f\u00e5 fira dagen med sin familj.<\/p><\/div>\n\t\t\t\t<\/div>\n\t\t\t\t\t\t\t<div class=\"elementor-accordion-item\">\n\t\t\t\t\t<div id=\"elementor-tab-title-6633\" class=\"elementor-tab-title\" data-tab=\"3\" role=\"tab\" aria-controls=\"elementor-tab-content-6633\" aria-expanded=\"false\">\n\t\t\t\t\t\t\t\t\t\t\t\t\t<span class=\"elementor-accordion-icon elementor-accordion-icon-left\" aria-hidden=\"true\">\n\t\t\t\t\t\t\t\t\t\t\t\t\t\t\t<span class=\"elementor-accordion-icon-closed\"><i class=\"fas fa-plus\"><\/i><\/span>\n\t\t\t\t\t\t\t\t<span class=\"elementor-accordion-icon-opened\"><i class=\"fas fa-minus\"><\/i><\/span>\n\t\t\t\t\t\t\t\t\t\t\t\t\t\t<\/span>\n\t\t\t\t\t\t\t\t\t\t\t\t<a class=\"elementor-accordion-title\" href=\"\">Varf\u00f6r st\u00e4nger f\u00f6rskolan kl.16.00 en dag per m\u00e5nad? <\/a>\n\t\t\t\t\t<\/div>\n\t\t\t\t\t<div id=\"elementor-tab-content-6633\" class=\"elementor-tab-content elementor-clearfix\" data-tab=\"3\" role=\"tabpanel\" aria-labelledby=\"elementor-tab-title-6633\"><p>Vi st\u00e4nger kl.16.00 en dag per m\u00e5nad d\u00e5 vi har APT (Arbetplatstr\u00e4ff), ett m\u00f6te vars<span class=\"ILfuVd NA6bn\"><span class=\"hgKElc\"> syftet \u00e4r att tillgodose medarbetarnas r\u00e4tt till delaktighet p\u00e5 arbetsplatsen. <\/span><\/span><\/p><\/div>\n\t\t\t\t<\/div>\n\t\t\t\t\t\t\t<div class=\"elementor-accordion-item\">\n\t\t\t\t\t<div id=\"elementor-tab-title-6634\" class=\"elementor-tab-title\" data-tab=\"4\" role=\"tab\" aria-controls=\"elementor-tab-content-6634\" aria-expanded=\"false\">\n\t\t\t\t\t\t\t\t\t\t\t\t\t<span class=\"elementor-accordion-icon elementor-accordion-icon-left\" aria-hidden=\"true\">\n\t\t\t\t\t\t\t\t\t\t\t\t\t\t\t<span class=\"elementor-accordion-icon-closed\"><i class=\"fas fa-plus\"><\/i><\/span>\n\t\t\t\t\t\t\t\t<span class=\"elementor-accordion-icon-opened\"><i class=\"fas fa-minus\"><\/i><\/span>\n\t\t\t\t\t\t\t\t\t\t\t\t\t\t<\/span>\n\t\t\t\t\t\t\t\t\t\t\t\t<a class=\"elementor-accordion-title\" href=\"\">Hur \u00e4ndrar jag mitt barns vistelsetider p\u00e5 f\u00f6rskolan?<\/a>\n\t\t\t\t\t<\/div>\n\t\t\t\t\t<div id=\"elementor-tab-content-6634\" class=\"elementor-tab-content elementor-clearfix\" data-tab=\"4\" role=\"tabpanel\" aria-labelledby=\"elementor-tab-title-6634\"><p>Bor du i Huddinge ber vi dig att v\u00e4nda er till Huddinge kommuns e-tj\u00e4nster d\u00e4r ni enkelt kan g\u00f6ra \u00f6nskade \u00e4ndringar i ert barns schema. F\u00f6rskolan f\u00e5r sedan information fr\u00e5n kommunen vid \u00e4ndringar.<\/p><p>\u00c4r du bosatt i Haninge ber vi er att v\u00e4nda er till kommunen, men ocks\u00e5 till f\u00f6rskolan. Ni kan g\u00f6ra er \u00f6nskat schema\u00e4ndringar p\u00e5 Tyra eller genom att kontakta avdelningspedagog.<\/p><p>Schema\u00e4ndringar m\u00e5ste godk\u00e4nnas av f\u00f6rskolans ledning, vi ber er d\u00e4rf\u00f6r att anm\u00e4la \u00e4ndringar i god tid d\u00e5 vi som f\u00f6rskola har upp till tio arbetsdagar att ta beslut. Har ni fr\u00e5gor om detta \u00e4r ni v\u00e4lkomna att kontakta oss.<\/p><\/div>\n\t\t\t\t<\/div>\n\t\t\t\t\t\t\t\t<\/div>\n\t\t\t\t<\/div>\n\t\t\t\t<\/div>\n\t\t\t\t<div class=\"elementor-element elementor-element-bddb8e2 elementor-widget elementor-widget-spacer\" data-id=\"bddb8e2\" data-element_type=\"widget\" data-widget_type=\"spacer.default\">\n\t\t\t\t<div class=\"elementor-widget-container\">\n\t\t\t\t\t<div class=\"elementor-spacer\">\n\t\t\t<div class=\"elementor-spacer-inner\"><\/div>\n\t\t<\/div>\n\t\t\t\t<\/div>\n\t\t\t\t<\/div>\n\t\t\t\t\t\t<\/div>\n\t\t\t\t\t<\/div>\n\t\t<\/div>\n\t\t\t\t<div class=\"elementor-column elementor-col-33 elementor-top-column elementor-element elementor-element-0146bd0\" data-id=\"0146bd0\" data-element_type=\"column\">\n\t\t\t<div class=\"elementor-column-wrap\">\n\t\t\t\t\t\t\t<div class=\"elementor-widget-wrap\">\n\t\t\t\t\t\t\t\t<\/div>\n\t\t\t\t\t<\/div>\n\t\t<\/div>\n\t\t\t\t\t\t\t\t<\/div>\n\t\t\t\t\t<\/div>\n\t\t<\/section>\n\t\t\t\t\t\t\t\t\t<\/div>\n\t\t\t<\/div>\n\t\t\t\t\t<\/div>\n\t\t","protected":false},"excerpt":{"rendered":"<p>FAQ Hur s\u00f6ker man barnplacering till f\u00f6rskolan? F\u00f6r att s\u00f6ka plats till v\u00e5ra f\u00f6rskolor, m\u00e5ste man f\u00f6rst vara registrerad i respektive kommun barnomsorgsk\u00f6. V\u00e4nligen l\u00e4s mer om Huddinge och Haninge ans\u00f6kningsprocess h\u00e4r. \u00d6nskar ni skicka Flygande mattan en intresseanm\u00e4lan f\u00f6r plats, kan ni g\u00f6ra detta p\u00e5 v\u00e5r hemsia genom att klicka p\u00e5 knappen &#8220;B\u00f6rja p\u00e5 &hellip;<\/p>\n<p class=\"read-more\"> <a class=\"\" href=\"https:\/\/forskolanflygandemattan.se\/?page_id=1566\"> <span class=\"screen-reader-text\">Vanliga fr\u00e5gor (FAQ)<\/span> Read More &raquo;<\/a><\/p>\n","protected":false},"author":2,"featured_media":0,"parent":0,"menu_order":0,"comment_status":"closed","ping_status":"closed","template":"","meta":{"site-sidebar-layout":"no-sidebar","site-content-layout":"page-builder","ast-main-header-display":"","ast-hfb-above-header-display":"","ast-hfb-below-header-display":"","ast-hfb-mobile-header-display":"","site-post-title":"disabled","ast-breadcrumbs-content":"","ast-featured-img":"disabled","footer-sml-layout":"","theme-transparent-header-meta":"default","adv-header-id-meta":"","stick-header-meta":"","header-above-stick-meta":"","header-main-stick-meta":"","header-below-stick-meta":""},"_links":{"self":[{"href":"https:\/\/forskolanflygandemattan.se\/index.php?rest_route=\/wp\/v2\/pages\/1566"}],"collection":[{"href":"https:\/\/forskolanflygandemattan.se\/index.php?rest_route=\/wp\/v2\/pages"}],"about":[{"href":"https:\/\/forskolanflygandemattan.se\/index.php?rest_route=\/wp\/v2\/types\/page"}],"author":[{"embeddable":true,"href":"https:\/\/forskolanflygandemattan.se\/index.php?rest_route=\/wp\/v2\/users\/2"}],"replies":[{"embeddable":true,"href":"https:\/\/forskolanflygandemattan.se\/index.php?rest_route=%2Fwp%2Fv2%2Fcomments&post=1566"}],"version-history":[{"count":10,"href":"https:\/\/forskolanflygandemattan.se\/index.php?rest_route=\/wp\/v2\/pages\/1566\/revisions"}],"predecessor-version":[{"id":1861,"href":"https:\/\/forskolanflygandemattan.se\/index.php?rest_route=\/wp\/v2\/pages\/1566\/revisions\/1861"}],"wp:attachment":[{"href":"https:\/\/forskolanflygandemattan.se\/index.php?rest_route=%2Fwp%2Fv2%2Fmedia&parent=1566"}],"curies":[{"name":"wp","href":"https:\/\/api.w.org\/{rel}","templated":true}]}}