{"id":1518,"date":"2020-05-15T12:25:07","date_gmt":"2020-05-15T12:25:07","guid":{"rendered":"https:\/\/test.flygandemattan.se\/?page_id=1518"},"modified":"2020-10-28T13:56:28","modified_gmt":"2020-10-28T13:56:28","slug":"pedagogisk-verksamhet","status":"publish","type":"page","link":"https:\/\/forskolanflygandemattan.se\/?page_id=1518","title":{"rendered":"Pedagogisk verksamhet"},"content":{"rendered":"\t\t<div data-elementor-type=\"wp-page\" data-elementor-id=\"1518\" class=\"elementor elementor-1518\">\n\t\t\t\t\t\t<div class=\"elementor-inner\">\n\t\t\t\t<div class=\"elementor-section-wrap\">\n\t\t\t\t\t\t\t\t\t<section class=\"elementor-section elementor-top-section elementor-element elementor-element-575f3d0 elementor-section-boxed elementor-section-height-default elementor-section-height-default\" data-id=\"575f3d0\" data-element_type=\"section\" data-settings=\"{&quot;background_background&quot;:&quot;slideshow&quot;,&quot;background_slideshow_gallery&quot;:[{&quot;id&quot;:1204,&quot;url&quot;:&quot;https:\\\/\\\/forskolanflygandemattan.se\\\/wp-content\\\/uploads\\\/2020\\\/03\\\/la-rel-easter-KuCGlBXjH_o-unsplash-scaled.jpg&quot;},{&quot;id&quot;:1203,&quot;url&quot;:&quot;https:\\\/\\\/forskolanflygandemattan.se\\\/wp-content\\\/uploads\\\/2020\\\/03\\\/bbc-creative-1w20Cysy1cg-unsplash-scaled.jpg&quot;},{&quot;id&quot;:1011,&quot;url&quot;:&quot;https:\\\/\\\/forskolanflygandemattan.se\\\/wp-content\\\/uploads\\\/2019\\\/12\\\/gautam-arora-OVDtgUhUPBY-unsplash.jpg&quot;}],&quot;background_slideshow_loop&quot;:&quot;yes&quot;,&quot;background_slideshow_slide_duration&quot;:5000,&quot;background_slideshow_slide_transition&quot;:&quot;fade&quot;,&quot;background_slideshow_transition_duration&quot;:500}\">\n\t\t\t\t\t\t\t<div class=\"elementor-background-overlay\"><\/div>\n\t\t\t\t\t\t\t<div class=\"elementor-container elementor-column-gap-default\">\n\t\t\t\t\t\t\t<div class=\"elementor-row\">\n\t\t\t\t\t<div class=\"elementor-column elementor-col-100 elementor-top-column elementor-element elementor-element-26a2bdb\" data-id=\"26a2bdb\" data-element_type=\"column\">\n\t\t\t<div class=\"elementor-column-wrap elementor-element-populated\">\n\t\t\t\t\t\t\t<div class=\"elementor-widget-wrap\">\n\t\t\t\t\t\t<div class=\"elementor-element elementor-element-1f3be2d elementor-widget elementor-widget-spacer\" data-id=\"1f3be2d\" data-element_type=\"widget\" data-widget_type=\"spacer.default\">\n\t\t\t\t<div class=\"elementor-widget-container\">\n\t\t\t\t\t<div class=\"elementor-spacer\">\n\t\t\t<div class=\"elementor-spacer-inner\"><\/div>\n\t\t<\/div>\n\t\t\t\t<\/div>\n\t\t\t\t<\/div>\n\t\t\t\t<div class=\"elementor-element elementor-element-0b1b4a6 elementor-widget elementor-widget-heading\" data-id=\"0b1b4a6\" data-element_type=\"widget\" data-widget_type=\"heading.default\">\n\t\t\t\t<div class=\"elementor-widget-container\">\n\t\t\t<h2 class=\"elementor-heading-title elementor-size-default\">Pedagogisk verksamhet<\/h2>\t\t<\/div>\n\t\t\t\t<\/div>\n\t\t\t\t<div class=\"elementor-element elementor-element-09f9f23 elementor-widget elementor-widget-spacer\" data-id=\"09f9f23\" data-element_type=\"widget\" data-widget_type=\"spacer.default\">\n\t\t\t\t<div class=\"elementor-widget-container\">\n\t\t\t\t\t<div class=\"elementor-spacer\">\n\t\t\t<div class=\"elementor-spacer-inner\"><\/div>\n\t\t<\/div>\n\t\t\t\t<\/div>\n\t\t\t\t<\/div>\n\t\t\t\t\t\t<\/div>\n\t\t\t\t\t<\/div>\n\t\t<\/div>\n\t\t\t\t\t\t\t\t<\/div>\n\t\t\t\t\t<\/div>\n\t\t<\/section>\n\t\t\t\t<section class=\"elementor-section elementor-top-section elementor-element elementor-element-747e0eb elementor-section-boxed elementor-section-height-default elementor-section-height-default\" data-id=\"747e0eb\" data-element_type=\"section\">\n\t\t\t\t\t\t<div class=\"elementor-container elementor-column-gap-default\">\n\t\t\t\t\t\t\t<div class=\"elementor-row\">\n\t\t\t\t\t<div class=\"elementor-column elementor-col-100 elementor-top-column elementor-element elementor-element-b285365\" data-id=\"b285365\" data-element_type=\"column\">\n\t\t\t<div class=\"elementor-column-wrap elementor-element-populated\">\n\t\t\t\t\t\t\t<div class=\"elementor-widget-wrap\">\n\t\t\t\t\t\t<div class=\"elementor-element elementor-element-3e387bf elementor-widget elementor-widget-spacer\" data-id=\"3e387bf\" data-element_type=\"widget\" data-widget_type=\"spacer.default\">\n\t\t\t\t<div class=\"elementor-widget-container\">\n\t\t\t\t\t<div class=\"elementor-spacer\">\n\t\t\t<div class=\"elementor-spacer-inner\"><\/div>\n\t\t<\/div>\n\t\t\t\t<\/div>\n\t\t\t\t<\/div>\n\t\t\t\t\t\t<\/div>\n\t\t\t\t\t<\/div>\n\t\t<\/div>\n\t\t\t\t\t\t\t\t<\/div>\n\t\t\t\t\t<\/div>\n\t\t<\/section>\n\t\t\t\t<section class=\"elementor-section elementor-top-section elementor-element elementor-element-b1f50d4 elementor-section-boxed elementor-section-height-default elementor-section-height-default\" data-id=\"b1f50d4\" data-element_type=\"section\">\n\t\t\t\t\t\t<div class=\"elementor-container elementor-column-gap-default\">\n\t\t\t\t\t\t\t<div class=\"elementor-row\">\n\t\t\t\t\t<div class=\"elementor-column elementor-col-100 elementor-top-column elementor-element elementor-element-d1eb624\" data-id=\"d1eb624\" data-element_type=\"column\">\n\t\t\t<div class=\"elementor-column-wrap elementor-element-populated\">\n\t\t\t\t\t\t\t<div class=\"elementor-widget-wrap\">\n\t\t\t\t\t\t<div class=\"elementor-element elementor-element-9c82bdf elementor-widget elementor-widget-text-editor\" data-id=\"9c82bdf\" data-element_type=\"widget\" data-widget_type=\"text-editor.default\">\n\t\t\t\t<div class=\"elementor-widget-container\">\n\t\t\t\t\t\t\t\t<div class=\"elementor-text-editor elementor-clearfix\">\n\t\t\t\t<p>Allt arbete utg\u00e5r fr\u00e5n f\u00f6rskolans l\u00e4roplan Lpf\u00f6 18 och en gemensam v\u00e4rdegrund som betonar \u00f6ppenhet, respekt och ansvarstagande. F\u00f6rskolan l\u00e4gger stor vikt p\u00e5 den pedagogiska utvecklingen, av pedagoger, pedagogiska milj\u00f6n, planering och organisation. Utbildningen i v\u00e5ra f\u00f6rskolor utg\u00e5r ifr\u00e5n barnets b\u00e4sta samt respekt och f\u00f6rst\u00e5else f\u00f6r alla m\u00e4nniskors lika v\u00e4rde och de m\u00e4nskliga r\u00e4ttigheterna, samt barnkonventionen.\u00a0<\/p>\t\t\t\t\t<\/div>\n\t\t\t\t\t\t<\/div>\n\t\t\t\t<\/div>\n\t\t\t\t\t\t<\/div>\n\t\t\t\t\t<\/div>\n\t\t<\/div>\n\t\t\t\t\t\t\t\t<\/div>\n\t\t\t\t\t<\/div>\n\t\t<\/section>\n\t\t\t\t<section class=\"elementor-section elementor-top-section elementor-element elementor-element-69363f7 elementor-section-boxed elementor-section-height-default elementor-section-height-default\" data-id=\"69363f7\" data-element_type=\"section\">\n\t\t\t\t\t\t<div class=\"elementor-container elementor-column-gap-default\">\n\t\t\t\t\t\t\t<div class=\"elementor-row\">\n\t\t\t\t\t<div class=\"elementor-column elementor-col-25 elementor-top-column elementor-element elementor-element-543062f\" data-id=\"543062f\" data-element_type=\"column\">\n\t\t\t<div class=\"elementor-column-wrap\">\n\t\t\t\t\t\t\t<div class=\"elementor-widget-wrap\">\n\t\t\t\t\t\t\t\t<\/div>\n\t\t\t\t\t<\/div>\n\t\t<\/div>\n\t\t\t\t<div class=\"elementor-column elementor-col-25 elementor-top-column elementor-element elementor-element-69a38a9 elementor-invisible\" data-id=\"69a38a9\" data-element_type=\"column\" data-settings=\"{&quot;animation&quot;:&quot;bounceInUp&quot;,&quot;animation_delay&quot;:200}\">\n\t\t\t<div class=\"elementor-column-wrap elementor-element-populated\">\n\t\t\t\t\t\t\t<div class=\"elementor-widget-wrap\">\n\t\t\t\t\t\t<div class=\"elementor-element elementor-element-2fe383a elementor-widget elementor-widget-spacer\" data-id=\"2fe383a\" data-element_type=\"widget\" data-widget_type=\"spacer.default\">\n\t\t\t\t<div class=\"elementor-widget-container\">\n\t\t\t\t\t<div class=\"elementor-spacer\">\n\t\t\t<div class=\"elementor-spacer-inner\"><\/div>\n\t\t<\/div>\n\t\t\t\t<\/div>\n\t\t\t\t<\/div>\n\t\t\t\t<div class=\"elementor-element elementor-element-5046522 elementor-widget elementor-widget-image\" data-id=\"5046522\" data-element_type=\"widget\" data-widget_type=\"image.default\">\n\t\t\t\t<div class=\"elementor-widget-container\">\n\t\t\t\t\t\t\t\t<div class=\"elementor-image\">\n\t\t\t\t\t\t\t\t\t\t\t\t<img width=\"561\" height=\"465\" src=\"https:\/\/forskolanflygandemattan.se\/wp-content\/uploads\/2020\/05\/e0dc8095-9269-4288-bb85-c37a825f99d3.png\" class=\"attachment-large size-large\" alt=\"\" loading=\"lazy\" srcset=\"https:\/\/forskolanflygandemattan.se\/wp-content\/uploads\/2020\/05\/e0dc8095-9269-4288-bb85-c37a825f99d3.png 561w, https:\/\/forskolanflygandemattan.se\/wp-content\/uploads\/2020\/05\/e0dc8095-9269-4288-bb85-c37a825f99d3-300x249.png 300w\" sizes=\"(max-width: 561px) 100vw, 561px\" \/>\t\t\t\t\t\t\t\t\t\t\t\t\t\t<\/div>\n\t\t\t\t\t\t<\/div>\n\t\t\t\t<\/div>\n\t\t\t\t\t\t<\/div>\n\t\t\t\t\t<\/div>\n\t\t<\/div>\n\t\t\t\t<div class=\"elementor-column elementor-col-25 elementor-top-column elementor-element elementor-element-84b8457 elementor-invisible\" data-id=\"84b8457\" data-element_type=\"column\" data-settings=\"{&quot;animation&quot;:&quot;bounceInUp&quot;,&quot;animation_delay&quot;:140}\">\n\t\t\t<div class=\"elementor-column-wrap elementor-element-populated\">\n\t\t\t\t\t\t\t<div class=\"elementor-widget-wrap\">\n\t\t\t\t\t\t<div class=\"elementor-element elementor-element-33f797c elementor-widget elementor-widget-spacer\" data-id=\"33f797c\" data-element_type=\"widget\" data-widget_type=\"spacer.default\">\n\t\t\t\t<div class=\"elementor-widget-container\">\n\t\t\t\t\t<div class=\"elementor-spacer\">\n\t\t\t<div class=\"elementor-spacer-inner\"><\/div>\n\t\t<\/div>\n\t\t\t\t<\/div>\n\t\t\t\t<\/div>\n\t\t\t\t<div class=\"elementor-element elementor-element-b746a20 elementor-widget elementor-widget-heading\" data-id=\"b746a20\" data-element_type=\"widget\" data-widget_type=\"heading.default\">\n\t\t\t\t<div class=\"elementor-widget-container\">\n\t\t\t<h3 class=\"elementor-heading-title elementor-size-default\">Gr\u00f6n Flagg<\/h3>\t\t<\/div>\n\t\t\t\t<\/div>\n\t\t\t\t<div class=\"elementor-element elementor-element-955f3c2 elementor-widget elementor-widget-text-editor\" data-id=\"955f3c2\" data-element_type=\"widget\" data-widget_type=\"text-editor.default\">\n\t\t\t\t<div class=\"elementor-widget-container\">\n\t\t\t\t\t\t\t\t<div class=\"elementor-text-editor elementor-clearfix\">\n\t\t\t\t<p>Flygande mattan \u00e4r delaktiga i stiftelsen H\u00e5ll Sverige Rent som \u00e4r ett riksomfattande milj\u00f6projekt. Gr\u00f6n flagg \u00e4r ett internationellt l\u00e4randeprogram inom h\u00e5llbar utveckling. Deras m\u00e5l \u00e4r att genom direkt handling skapa f\u00f6ruts\u00e4ttningar f\u00f6r l\u00e5ngsiktig f\u00f6r\u00e4ndring i samh\u00e4llet.\u00a0<\/p><p>Gr\u00f6n flagg \u00e4r ett projektbaserat arbete som genomsyrar hela verksamhet hela l\u00e4s\u00e5ret. <br \/>Nytt tema v\u00e4ljs inf\u00f6r varje l\u00e4s\u00e5r. I detta projektarbete ing\u00e5r, bland annat kvalitetss\u00e4kring av v\u00e5rt arbete med l\u00e4rande f\u00f6r h\u00e5llbar utveckling, h\u00e5llbarhetscertifiering, fortbildning, personligt st\u00f6d och v\u00e4gledning samt tips och inspiration. Vill du l\u00e4sa mer om Gr\u00f6n flagg kan du g\u00f6ra det <a href=\"https:\/\/www.hsr.se\/gron-flagg\">h\u00e4r.\u00a0<\/a><\/p>\t\t\t\t\t<\/div>\n\t\t\t\t\t\t<\/div>\n\t\t\t\t<\/div>\n\t\t\t\t\t\t<\/div>\n\t\t\t\t\t<\/div>\n\t\t<\/div>\n\t\t\t\t<div class=\"elementor-column elementor-col-25 elementor-top-column elementor-element elementor-element-418d447\" data-id=\"418d447\" data-element_type=\"column\">\n\t\t\t<div class=\"elementor-column-wrap\">\n\t\t\t\t\t\t\t<div class=\"elementor-widget-wrap\">\n\t\t\t\t\t\t\t\t<\/div>\n\t\t\t\t\t<\/div>\n\t\t<\/div>\n\t\t\t\t\t\t\t\t<\/div>\n\t\t\t\t\t<\/div>\n\t\t<\/section>\n\t\t\t\t<section class=\"elementor-section elementor-top-section elementor-element elementor-element-c6b2df6 elementor-section-boxed elementor-section-height-default elementor-section-height-default\" data-id=\"c6b2df6\" data-element_type=\"section\">\n\t\t\t\t\t\t<div class=\"elementor-container elementor-column-gap-default\">\n\t\t\t\t\t\t\t<div class=\"elementor-row\">\n\t\t\t\t\t<div class=\"elementor-column elementor-col-25 elementor-top-column elementor-element elementor-element-9e05dd6\" data-id=\"9e05dd6\" data-element_type=\"column\">\n\t\t\t<div class=\"elementor-column-wrap\">\n\t\t\t\t\t\t\t<div class=\"elementor-widget-wrap\">\n\t\t\t\t\t\t\t\t<\/div>\n\t\t\t\t\t<\/div>\n\t\t<\/div>\n\t\t\t\t<div class=\"elementor-column elementor-col-25 elementor-top-column elementor-element elementor-element-5585061 elementor-invisible\" data-id=\"5585061\" data-element_type=\"column\" data-settings=\"{&quot;animation&quot;:&quot;bounceInUp&quot;,&quot;animation_delay&quot;:140}\">\n\t\t\t<div class=\"elementor-column-wrap elementor-element-populated\">\n\t\t\t\t\t\t\t<div class=\"elementor-widget-wrap\">\n\t\t\t\t\t\t<div class=\"elementor-element elementor-element-1985dda elementor-widget elementor-widget-spacer\" data-id=\"1985dda\" data-element_type=\"widget\" data-widget_type=\"spacer.default\">\n\t\t\t\t<div class=\"elementor-widget-container\">\n\t\t\t\t\t<div class=\"elementor-spacer\">\n\t\t\t<div class=\"elementor-spacer-inner\"><\/div>\n\t\t<\/div>\n\t\t\t\t<\/div>\n\t\t\t\t<\/div>\n\t\t\t\t<div class=\"elementor-element elementor-element-f1a2a37 elementor-widget elementor-widget-heading\" data-id=\"f1a2a37\" data-element_type=\"widget\" data-widget_type=\"heading.default\">\n\t\t\t\t<div class=\"elementor-widget-container\">\n\t\t\t<h3 class=\"elementor-heading-title elementor-size-default\">Islam<\/h3>\t\t<\/div>\n\t\t\t\t<\/div>\n\t\t\t\t<div class=\"elementor-element elementor-element-566e9f7 elementor-widget elementor-widget-text-editor\" data-id=\"566e9f7\" data-element_type=\"widget\" data-widget_type=\"text-editor.default\">\n\t\t\t\t<div class=\"elementor-widget-container\">\n\t\t\t\t\t\t\t\t<div class=\"elementor-text-editor elementor-clearfix\">\n\t\t\t\t<p>Flygande mattan erbjuder en Islamisk profil som tar sig olika uttryck, bl a genom leken, som ocks\u00e5 g\u00e5r hand i hand med Islams v\u00e4rdering som enligt Hadith \u00e4r \u00e5terber\u00e4ttad av Profeten Muhammed (m\u00e5 frid vara med honom), som sade (enligt enkel \u00f6vers\u00e4ttning) \u201clek med barn upp till sju \u00e5r\u201d. Det vill s\u00e4ga att barnen \u00e4r \u201cm\u00e4staren\u201d av f\u00f6r\u00e4ldrar i denna \u00e5lder, vilket inneb\u00e4r att barnets behov och lek g\u00e5r \u00f6ver f\u00f6r\u00e4ldrar och att i detta stadium har barnet r\u00e4tt att leka och vara barn utan krav p\u00e5 formell utbildning.<\/p><p>Vi l\u00e4gger fokus\u00a0 p\u00e5 Islams v\u00e4rderingar. Med detta menar vi\u00a0 de grundv\u00e4rderingar som finns i alla monoteistiska trosuppfattningar som bland annat lyfter upp vikten av att behandla varandra v\u00e4l, med respekt och likv\u00e4rdighet, ta hand om allting levande p\u00e5 denna jord, ta hand om sig sj\u00e4lv, respekt f\u00f6r likheter och olikheter och l\u00e4ra k\u00e4nna sitt samh\u00e4lle med dess olikheter.\u00a0<\/p><p>Detta reflekteras i v\u00e5rt arbete med integration f\u00f6r stora och sm\u00e5, i sin n\u00e4rmilj\u00f6 men ocks\u00e5 i samh\u00e4llet i stort. Detta g\u00f6r vi med olika arbetss\u00e4tt och metoder efter barnens intresse och samh\u00e4llets behov. Dessa v\u00e4rderingar g\u00e5r hand i hand med Gr\u00f6n flaggs str\u00e4van f\u00f6r en meningsfull och h\u00e5llbar utveckling d\u00e4r barn och vuxna f\u00e5r m\u00f6jlighet att p\u00e5verka och bidra till f\u00f6rb\u00e4ttrande \u00e5tg\u00e4rder p\u00e5 f\u00f6rskola och i samh\u00e4llet.\u00a0<\/p><p>Barn och medarbetare fr\u00e5n alla etniciteter, trosuppfattning och annan bakgrund \u00e4r varmt v\u00e4lkomna till Flygande mattan.<\/p>\t\t\t\t\t<\/div>\n\t\t\t\t\t\t<\/div>\n\t\t\t\t<\/div>\n\t\t\t\t\t\t<\/div>\n\t\t\t\t\t<\/div>\n\t\t<\/div>\n\t\t\t\t<div class=\"elementor-column elementor-col-25 elementor-top-column elementor-element elementor-element-82c34a4 elementor-invisible\" data-id=\"82c34a4\" data-element_type=\"column\" data-settings=\"{&quot;animation&quot;:&quot;bounceInUp&quot;,&quot;animation_delay&quot;:200}\">\n\t\t\t<div class=\"elementor-column-wrap elementor-element-populated\">\n\t\t\t\t\t\t\t<div class=\"elementor-widget-wrap\">\n\t\t\t\t\t\t<div class=\"elementor-element elementor-element-d515b60 elementor-widget elementor-widget-spacer\" data-id=\"d515b60\" data-element_type=\"widget\" data-widget_type=\"spacer.default\">\n\t\t\t\t<div class=\"elementor-widget-container\">\n\t\t\t\t\t<div class=\"elementor-spacer\">\n\t\t\t<div class=\"elementor-spacer-inner\"><\/div>\n\t\t<\/div>\n\t\t\t\t<\/div>\n\t\t\t\t<\/div>\n\t\t\t\t<div class=\"elementor-element elementor-element-6aa5a87 elementor-widget elementor-widget-image\" data-id=\"6aa5a87\" data-element_type=\"widget\" data-widget_type=\"image.default\">\n\t\t\t\t<div class=\"elementor-widget-container\">\n\t\t\t\t\t\t\t\t<div class=\"elementor-image\">\n\t\t\t\t\t\t\t\t\t\t\t\t<img width=\"888\" height=\"934\" src=\"https:\/\/forskolanflygandemattan.se\/wp-content\/uploads\/2020\/02\/Familj_FM.png\" class=\"attachment-large size-large\" alt=\"\" loading=\"lazy\" srcset=\"https:\/\/forskolanflygandemattan.se\/wp-content\/uploads\/2020\/02\/Familj_FM.png 888w, https:\/\/forskolanflygandemattan.se\/wp-content\/uploads\/2020\/02\/Familj_FM-285x300.png 285w, https:\/\/forskolanflygandemattan.se\/wp-content\/uploads\/2020\/02\/Familj_FM-768x808.png 768w\" sizes=\"(max-width: 888px) 100vw, 888px\" \/>\t\t\t\t\t\t\t\t\t\t\t\t\t\t<\/div>\n\t\t\t\t\t\t<\/div>\n\t\t\t\t<\/div>\n\t\t\t\t\t\t<\/div>\n\t\t\t\t\t<\/div>\n\t\t<\/div>\n\t\t\t\t<div class=\"elementor-column elementor-col-25 elementor-top-column elementor-element elementor-element-d160ecd\" data-id=\"d160ecd\" data-element_type=\"column\">\n\t\t\t<div class=\"elementor-column-wrap\">\n\t\t\t\t\t\t\t<div class=\"elementor-widget-wrap\">\n\t\t\t\t\t\t\t\t<\/div>\n\t\t\t\t\t<\/div>\n\t\t<\/div>\n\t\t\t\t\t\t\t\t<\/div>\n\t\t\t\t\t<\/div>\n\t\t<\/section>\n\t\t\t\t<section class=\"elementor-section elementor-top-section elementor-element elementor-element-b61aab1 elementor-section-boxed elementor-section-height-default elementor-section-height-default\" data-id=\"b61aab1\" data-element_type=\"section\">\n\t\t\t\t\t\t<div class=\"elementor-container elementor-column-gap-default\">\n\t\t\t\t\t\t\t<div class=\"elementor-row\">\n\t\t\t\t\t<div class=\"elementor-column elementor-col-25 elementor-top-column elementor-element elementor-element-46461ee\" data-id=\"46461ee\" data-element_type=\"column\">\n\t\t\t<div class=\"elementor-column-wrap\">\n\t\t\t\t\t\t\t<div class=\"elementor-widget-wrap\">\n\t\t\t\t\t\t\t\t<\/div>\n\t\t\t\t\t<\/div>\n\t\t<\/div>\n\t\t\t\t<div class=\"elementor-column elementor-col-25 elementor-top-column elementor-element elementor-element-53640fa elementor-invisible\" data-id=\"53640fa\" data-element_type=\"column\" data-settings=\"{&quot;animation&quot;:&quot;bounceInUp&quot;,&quot;animation_delay&quot;:200}\">\n\t\t\t<div class=\"elementor-column-wrap elementor-element-populated\">\n\t\t\t\t\t\t\t<div class=\"elementor-widget-wrap\">\n\t\t\t\t\t\t<div class=\"elementor-element elementor-element-94b5c1a elementor-widget elementor-widget-spacer\" data-id=\"94b5c1a\" data-element_type=\"widget\" data-widget_type=\"spacer.default\">\n\t\t\t\t<div class=\"elementor-widget-container\">\n\t\t\t\t\t<div class=\"elementor-spacer\">\n\t\t\t<div class=\"elementor-spacer-inner\"><\/div>\n\t\t<\/div>\n\t\t\t\t<\/div>\n\t\t\t\t<\/div>\n\t\t\t\t<div class=\"elementor-element elementor-element-6977967 elementor-widget elementor-widget-image\" data-id=\"6977967\" data-element_type=\"widget\" data-widget_type=\"image.default\">\n\t\t\t\t<div class=\"elementor-widget-container\">\n\t\t\t\t\t\t\t\t<div class=\"elementor-image\">\n\t\t\t\t\t\t\t\t\t\t\t\t<img width=\"910\" height=\"996\" src=\"https:\/\/forskolanflygandemattan.se\/wp-content\/uploads\/2020\/02\/Healthy-Eat.png\" class=\"attachment-large size-large\" alt=\"\" loading=\"lazy\" srcset=\"https:\/\/forskolanflygandemattan.se\/wp-content\/uploads\/2020\/02\/Healthy-Eat.png 910w, https:\/\/forskolanflygandemattan.se\/wp-content\/uploads\/2020\/02\/Healthy-Eat-274x300.png 274w, https:\/\/forskolanflygandemattan.se\/wp-content\/uploads\/2020\/02\/Healthy-Eat-768x841.png 768w\" sizes=\"(max-width: 910px) 100vw, 910px\" \/>\t\t\t\t\t\t\t\t\t\t\t\t\t\t<\/div>\n\t\t\t\t\t\t<\/div>\n\t\t\t\t<\/div>\n\t\t\t\t\t\t<\/div>\n\t\t\t\t\t<\/div>\n\t\t<\/div>\n\t\t\t\t<div class=\"elementor-column elementor-col-25 elementor-top-column elementor-element elementor-element-64956d2 elementor-invisible\" data-id=\"64956d2\" data-element_type=\"column\" data-settings=\"{&quot;animation&quot;:&quot;bounceInUp&quot;,&quot;animation_delay&quot;:140}\">\n\t\t\t<div class=\"elementor-column-wrap elementor-element-populated\">\n\t\t\t\t\t\t\t<div class=\"elementor-widget-wrap\">\n\t\t\t\t\t\t<div class=\"elementor-element elementor-element-68553c9 elementor-widget elementor-widget-spacer\" data-id=\"68553c9\" data-element_type=\"widget\" data-widget_type=\"spacer.default\">\n\t\t\t\t<div class=\"elementor-widget-container\">\n\t\t\t\t\t<div class=\"elementor-spacer\">\n\t\t\t<div class=\"elementor-spacer-inner\"><\/div>\n\t\t<\/div>\n\t\t\t\t<\/div>\n\t\t\t\t<\/div>\n\t\t\t\t<div class=\"elementor-element elementor-element-971dff3 elementor-widget elementor-widget-heading\" data-id=\"971dff3\" data-element_type=\"widget\" data-widget_type=\"heading.default\">\n\t\t\t\t<div class=\"elementor-widget-container\">\n\t\t\t<h3 class=\"elementor-heading-title elementor-size-default\">Barninflytande<\/h3>\t\t<\/div>\n\t\t\t\t<\/div>\n\t\t\t\t<div class=\"elementor-element elementor-element-1144bdd elementor-widget elementor-widget-text-editor\" data-id=\"1144bdd\" data-element_type=\"widget\" data-widget_type=\"text-editor.default\">\n\t\t\t\t<div class=\"elementor-widget-container\">\n\t\t\t\t\t\t\t\t<div class=\"elementor-text-editor elementor-clearfix\">\n\t\t\t\t<p>Varje barn ska bli bem\u00f6tt med respekt och lyh\u00f6rdhet. Vi vill st\u00e4rka dem b\u00e5de som individer och som grupp.Vi vill ge alla barn utrymme att utforska sin v\u00e4rld efter sina egna f\u00f6ruts\u00e4ttningar.<br \/>Tiden med oss ska l\u00e4gga grunden till ett livsl\u00e5ngt och lustfyllt l\u00e4rande. Alla barn ska ha ett reellt inflytande \u00f6ver utbildningen, d\u00e4r vi tar tillvara\u00a0 barnets intressen och kunskapande.<br \/><b><br \/><\/b>V\u00e5ra pedagogiska milj\u00f6er utformas utifr\u00e5n och tillsammans med barnen och ska spegla vad barnen h\u00e5ller p\u00e5 med under sin tid p\u00e5 f\u00f6rskolan. Milj\u00f6erna ska vara f\u00f6r\u00e4nderliga och ha ett tydligt m\u00e5l och syfte. Milj\u00f6erna ska vara inbjudande och locka till lek, fantasi och utveckling. Milj\u00f6n \u00e4r en viktig del och ska st\u00e4ndigt kopplas till l\u00e4roplanen Lpf\u00f6 18. D\u00e4rf\u00f6r\u00a0 utg\u00e5r all planering \u00e4ven den som ber\u00f6r milj\u00f6n och dess utformning ifr\u00e5n l\u00e4roplansm\u00e5len.<\/p><p>Inne- och utemilj\u00f6n ska komplettera varandra och vi s\u00e4tter lika h\u00f6gt v\u00e4rde p\u00e5 dessa b\u00e5da. Det man kan g\u00f6ra inne kan man g\u00f6ra ute. Uterummet kan vara den egna f\u00f6rskoleg\u00e5rden, lekplatsen i n\u00e4rheten, en sluttande backe som man kan ri\u00falla ner f\u00f6r, skogen med alla sina gr\u00f6na f\u00e4rger, kottar och dofter. Vi vill erbjuda barnen s\u00e5 mycket som m\u00f6jligt av pedagogiska milj\u00f6er f\u00f6r att st\u00e4rka dem i sin utveckling och utbildning.\u00a0\u00a0<\/p>\t\t\t\t\t<\/div>\n\t\t\t\t\t\t<\/div>\n\t\t\t\t<\/div>\n\t\t\t\t\t\t<\/div>\n\t\t\t\t\t<\/div>\n\t\t<\/div>\n\t\t\t\t<div class=\"elementor-column elementor-col-25 elementor-top-column elementor-element elementor-element-115af31\" data-id=\"115af31\" data-element_type=\"column\">\n\t\t\t<div class=\"elementor-column-wrap\">\n\t\t\t\t\t\t\t<div class=\"elementor-widget-wrap\">\n\t\t\t\t\t\t\t\t<\/div>\n\t\t\t\t\t<\/div>\n\t\t<\/div>\n\t\t\t\t\t\t\t\t<\/div>\n\t\t\t\t\t<\/div>\n\t\t<\/section>\n\t\t\t\t<section class=\"elementor-section elementor-top-section elementor-element elementor-element-88c0c03 elementor-section-boxed elementor-section-height-default elementor-section-height-default\" data-id=\"88c0c03\" data-element_type=\"section\">\n\t\t\t\t\t\t<div class=\"elementor-container elementor-column-gap-default\">\n\t\t\t\t\t\t\t<div class=\"elementor-row\">\n\t\t\t\t\t<div class=\"elementor-column elementor-col-25 elementor-top-column elementor-element elementor-element-bed6115\" data-id=\"bed6115\" data-element_type=\"column\">\n\t\t\t<div class=\"elementor-column-wrap\">\n\t\t\t\t\t\t\t<div class=\"elementor-widget-wrap\">\n\t\t\t\t\t\t\t\t<\/div>\n\t\t\t\t\t<\/div>\n\t\t<\/div>\n\t\t\t\t<div class=\"elementor-column elementor-col-25 elementor-top-column elementor-element elementor-element-8842217 elementor-invisible\" data-id=\"8842217\" data-element_type=\"column\" data-settings=\"{&quot;animation&quot;:&quot;bounceInUp&quot;,&quot;animation_delay&quot;:140}\">\n\t\t\t<div class=\"elementor-column-wrap elementor-element-populated\">\n\t\t\t\t\t\t\t<div class=\"elementor-widget-wrap\">\n\t\t\t\t\t\t<div class=\"elementor-element elementor-element-541a3c7 elementor-widget elementor-widget-spacer\" data-id=\"541a3c7\" data-element_type=\"widget\" data-widget_type=\"spacer.default\">\n\t\t\t\t<div class=\"elementor-widget-container\">\n\t\t\t\t\t<div class=\"elementor-spacer\">\n\t\t\t<div class=\"elementor-spacer-inner\"><\/div>\n\t\t<\/div>\n\t\t\t\t<\/div>\n\t\t\t\t<\/div>\n\t\t\t\t<div class=\"elementor-element elementor-element-45ddad3 elementor-widget elementor-widget-heading\" data-id=\"45ddad3\" data-element_type=\"widget\" data-widget_type=\"heading.default\">\n\t\t\t\t<div class=\"elementor-widget-container\">\n\t\t\t<h3 class=\"elementor-heading-title elementor-size-default\">IKT<\/h3>\t\t<\/div>\n\t\t\t\t<\/div>\n\t\t\t\t<div class=\"elementor-element elementor-element-22678c6 elementor-widget elementor-widget-text-editor\" data-id=\"22678c6\" data-element_type=\"widget\" data-widget_type=\"text-editor.default\">\n\t\t\t\t<div class=\"elementor-widget-container\">\n\t\t\t\t\t\t\t\t<div class=\"elementor-text-editor elementor-clearfix\">\n\t\t\t\t<p>IKT betyder information, kommunikation och teknik och syftar h\u00e4r p\u00e5 arbetet med digitala verktyg i F\u00f6rskolan. Digitala verktyg anv\u00e4nds inom undervisning och utbildning i f\u00f6rskolan som ett komplement till andra l\u00e4rmetoder. Digitala verktyg ska vara integrerade inom alla omr\u00e5den och m\u00f6jligheterna \u00e4r o\u00e4ndliga. Digitala verktyg anv\u00e4nder vi oss av i kommunikation med v\u00e5rdnadshavare bl a. Genom appen TYRA, i kommunikation inom verksamheten och i det pedagogiska arbetet med barnen.<\/p><p>Vi anv\u00e4nder oss av f\u00f6r \u00e5ldern anpassade appar, QR- koder och projektor. Med digitala metoder kan barnen och pedagogerna tillsammans och f\u00f6r sig dokumentera l\u00e4rprocessen p\u00e5 olika s\u00e4tt.\u00a0<\/p>\t\t\t\t\t<\/div>\n\t\t\t\t\t\t<\/div>\n\t\t\t\t<\/div>\n\t\t\t\t\t\t<\/div>\n\t\t\t\t\t<\/div>\n\t\t<\/div>\n\t\t\t\t<div class=\"elementor-column elementor-col-25 elementor-top-column elementor-element elementor-element-aa0d5d3 elementor-invisible\" data-id=\"aa0d5d3\" data-element_type=\"column\" data-settings=\"{&quot;animation&quot;:&quot;bounceInUp&quot;,&quot;animation_delay&quot;:200}\">\n\t\t\t<div class=\"elementor-column-wrap elementor-element-populated\">\n\t\t\t\t\t\t\t<div class=\"elementor-widget-wrap\">\n\t\t\t\t\t\t<div class=\"elementor-element elementor-element-d281c58 elementor-widget elementor-widget-spacer\" data-id=\"d281c58\" data-element_type=\"widget\" data-widget_type=\"spacer.default\">\n\t\t\t\t<div class=\"elementor-widget-container\">\n\t\t\t\t\t<div class=\"elementor-spacer\">\n\t\t\t<div class=\"elementor-spacer-inner\"><\/div>\n\t\t<\/div>\n\t\t\t\t<\/div>\n\t\t\t\t<\/div>\n\t\t\t\t<div class=\"elementor-element elementor-element-e2e5b93 elementor-widget elementor-widget-image\" data-id=\"e2e5b93\" data-element_type=\"widget\" data-widget_type=\"image.default\">\n\t\t\t\t<div class=\"elementor-widget-container\">\n\t\t\t\t\t\t\t\t<div class=\"elementor-image\">\n\t\t\t\t\t\t\t\t\t\t\t\t<img width=\"1024\" height=\"1024\" src=\"https:\/\/forskolanflygandemattan.se\/wp-content\/uploads\/2020\/05\/3707164-1024x1024.jpg\" class=\"attachment-large size-large\" alt=\"\" loading=\"lazy\" srcset=\"https:\/\/forskolanflygandemattan.se\/wp-content\/uploads\/2020\/05\/3707164-1024x1024.jpg 1024w, https:\/\/forskolanflygandemattan.se\/wp-content\/uploads\/2020\/05\/3707164-300x300.jpg 300w, https:\/\/forskolanflygandemattan.se\/wp-content\/uploads\/2020\/05\/3707164-150x150.jpg 150w, https:\/\/forskolanflygandemattan.se\/wp-content\/uploads\/2020\/05\/3707164-768x768.jpg 768w, https:\/\/forskolanflygandemattan.se\/wp-content\/uploads\/2020\/05\/3707164-1536x1536.jpg 1536w, https:\/\/forskolanflygandemattan.se\/wp-content\/uploads\/2020\/05\/3707164.jpg 2000w\" sizes=\"(max-width: 1024px) 100vw, 1024px\" \/>\t\t\t\t\t\t\t\t\t\t\t\t\t\t<\/div>\n\t\t\t\t\t\t<\/div>\n\t\t\t\t<\/div>\n\t\t\t\t\t\t<\/div>\n\t\t\t\t\t<\/div>\n\t\t<\/div>\n\t\t\t\t<div class=\"elementor-column elementor-col-25 elementor-top-column elementor-element elementor-element-340108a\" data-id=\"340108a\" data-element_type=\"column\">\n\t\t\t<div class=\"elementor-column-wrap\">\n\t\t\t\t\t\t\t<div class=\"elementor-widget-wrap\">\n\t\t\t\t\t\t\t\t<\/div>\n\t\t\t\t\t<\/div>\n\t\t<\/div>\n\t\t\t\t\t\t\t\t<\/div>\n\t\t\t\t\t<\/div>\n\t\t<\/section>\n\t\t\t\t<section class=\"elementor-section elementor-top-section elementor-element elementor-element-ca70ddb elementor-section-boxed elementor-section-height-default elementor-section-height-default\" data-id=\"ca70ddb\" data-element_type=\"section\">\n\t\t\t\t\t\t<div class=\"elementor-container elementor-column-gap-default\">\n\t\t\t\t\t\t\t<div class=\"elementor-row\">\n\t\t\t\t\t<div class=\"elementor-column elementor-col-100 elementor-top-column elementor-element elementor-element-ddb3d60\" data-id=\"ddb3d60\" data-element_type=\"column\">\n\t\t\t<div class=\"elementor-column-wrap elementor-element-populated\">\n\t\t\t\t\t\t\t<div class=\"elementor-widget-wrap\">\n\t\t\t\t\t\t<div class=\"elementor-element elementor-element-09f5963 elementor-widget elementor-widget-spacer\" data-id=\"09f5963\" data-element_type=\"widget\" data-widget_type=\"spacer.default\">\n\t\t\t\t<div class=\"elementor-widget-container\">\n\t\t\t\t\t<div class=\"elementor-spacer\">\n\t\t\t<div class=\"elementor-spacer-inner\"><\/div>\n\t\t<\/div>\n\t\t\t\t<\/div>\n\t\t\t\t<\/div>\n\t\t\t\t\t\t<\/div>\n\t\t\t\t\t<\/div>\n\t\t<\/div>\n\t\t\t\t\t\t\t\t<\/div>\n\t\t\t\t\t<\/div>\n\t\t<\/section>\n\t\t\t\t<section class=\"elementor-section elementor-top-section elementor-element elementor-element-2404937 elementor-section-stretched elementor-section-content-middle elementor-section-boxed elementor-section-height-default elementor-section-height-default elementor-invisible\" data-id=\"2404937\" data-element_type=\"section\" data-settings=\"{&quot;stretch_section&quot;:&quot;section-stretched&quot;,&quot;background_background&quot;:&quot;classic&quot;,&quot;animation&quot;:&quot;bounceInUp&quot;,&quot;animation_delay&quot;:230}\">\n\t\t\t\t\t\t\t<div class=\"elementor-background-overlay\"><\/div>\n\t\t\t\t\t\t\t<div class=\"elementor-container elementor-column-gap-default\">\n\t\t\t\t\t\t\t<div class=\"elementor-row\">\n\t\t\t\t\t<div class=\"elementor-column elementor-col-50 elementor-top-column elementor-element elementor-element-56b203b\" data-id=\"56b203b\" data-element_type=\"column\">\n\t\t\t<div class=\"elementor-column-wrap elementor-element-populated\">\n\t\t\t\t\t\t\t<div class=\"elementor-widget-wrap\">\n\t\t\t\t\t\t<div class=\"elementor-element elementor-element-28ff4cb elementor-widget elementor-widget-heading\" data-id=\"28ff4cb\" data-element_type=\"widget\" data-widget_type=\"heading.default\">\n\t\t\t\t<div class=\"elementor-widget-container\">\n\t\t\t<h3 class=\"elementor-heading-title elementor-size-default\">N\u00e5got du funderar p\u00e5?<\/h3>\t\t<\/div>\n\t\t\t\t<\/div>\n\t\t\t\t<div class=\"elementor-element elementor-element-ddd8734 elementor-widget elementor-widget-heading\" data-id=\"ddd8734\" data-element_type=\"widget\" data-widget_type=\"heading.default\">\n\t\t\t\t<div class=\"elementor-widget-container\">\n\t\t\t<p class=\"elementor-heading-title elementor-size-default\">Tveka absolut inte att h\u00f6ra av till oss genom att klicka p\u00e5 knappen!<\/p>\t\t<\/div>\n\t\t\t\t<\/div>\n\t\t\t\t\t\t<\/div>\n\t\t\t\t\t<\/div>\n\t\t<\/div>\n\t\t\t\t<div class=\"elementor-column elementor-col-50 elementor-top-column elementor-element elementor-element-aa2cb8b\" data-id=\"aa2cb8b\" data-element_type=\"column\">\n\t\t\t<div class=\"elementor-column-wrap elementor-element-populated\">\n\t\t\t\t\t\t\t<div class=\"elementor-widget-wrap\">\n\t\t\t\t\t\t<div class=\"elementor-element elementor-element-957393c elementor-button-info elementor-align-right elementor-tablet-align-right elementor-mobile-align-center elementor-widget elementor-widget-button\" data-id=\"957393c\" data-element_type=\"widget\" data-widget_type=\"button.default\">\n\t\t\t\t<div class=\"elementor-widget-container\">\n\t\t\t\t\t<div class=\"elementor-button-wrapper\">\n\t\t\t<a href=\"https:\/\/forskolanflygandemattan.se\/?page_id=25\" class=\"elementor-button-link elementor-button elementor-size-sm\" role=\"button\">\n\t\t\t\t\t\t<span class=\"elementor-button-content-wrapper\">\n\t\t\t\t\t\t<span class=\"elementor-button-text\">Kontakta Oss<\/span>\n\t\t<\/span>\n\t\t\t\t\t<\/a>\n\t\t<\/div>\n\t\t\t\t<\/div>\n\t\t\t\t<\/div>\n\t\t\t\t\t\t<\/div>\n\t\t\t\t\t<\/div>\n\t\t<\/div>\n\t\t\t\t\t\t\t\t<\/div>\n\t\t\t\t\t<\/div>\n\t\t<\/section>\n\t\t\t\t\t\t\t\t\t<\/div>\n\t\t\t<\/div>\n\t\t\t\t\t<\/div>\n\t\t","protected":false},"excerpt":{"rendered":"<p>Pedagogisk verksamhet Allt arbete utg\u00e5r fr\u00e5n f\u00f6rskolans l\u00e4roplan Lpf\u00f6 18 och en gemensam v\u00e4rdegrund som betonar \u00f6ppenhet, respekt och ansvarstagande. F\u00f6rskolan l\u00e4gger stor vikt p\u00e5 den pedagogiska utvecklingen, av pedagoger, pedagogiska milj\u00f6n, planering och organisation. Utbildningen i v\u00e5ra f\u00f6rskolor utg\u00e5r ifr\u00e5n barnets b\u00e4sta samt respekt och f\u00f6rst\u00e5else f\u00f6r alla m\u00e4nniskors lika v\u00e4rde och de m\u00e4nskliga &hellip;<\/p>\n<p class=\"read-more\"> <a class=\"\" href=\"https:\/\/forskolanflygandemattan.se\/?page_id=1518\"> <span class=\"screen-reader-text\">Pedagogisk verksamhet<\/span> Read More &raquo;<\/a><\/p>\n","protected":false},"author":1,"featured_media":0,"parent":0,"menu_order":0,"comment_status":"closed","ping_status":"closed","template":"","meta":{"site-sidebar-layout":"no-sidebar","site-content-layout":"page-builder","ast-main-header-display":"","ast-hfb-above-header-display":"","ast-hfb-below-header-display":"","ast-hfb-mobile-header-display":"","site-post-title":"disabled","ast-breadcrumbs-content":"","ast-featured-img":"disabled","footer-sml-layout":"","theme-transparent-header-meta":"default","adv-header-id-meta":"","stick-header-meta":"","header-above-stick-meta":"","header-main-stick-meta":"","header-below-stick-meta":""},"_links":{"self":[{"href":"https:\/\/forskolanflygandemattan.se\/index.php?rest_route=\/wp\/v2\/pages\/1518"}],"collection":[{"href":"https:\/\/forskolanflygandemattan.se\/index.php?rest_route=\/wp\/v2\/pages"}],"about":[{"href":"https:\/\/forskolanflygandemattan.se\/index.php?rest_route=\/wp\/v2\/types\/page"}],"author":[{"embeddable":true,"href":"https:\/\/forskolanflygandemattan.se\/index.php?rest_route=\/wp\/v2\/users\/1"}],"replies":[{"embeddable":true,"href":"https:\/\/forskolanflygandemattan.se\/index.php?rest_route=%2Fwp%2Fv2%2Fcomments&post=1518"}],"version-history":[{"count":14,"href":"https:\/\/forskolanflygandemattan.se\/index.php?rest_route=\/wp\/v2\/pages\/1518\/revisions"}],"predecessor-version":[{"id":1863,"href":"https:\/\/forskolanflygandemattan.se\/index.php?rest_route=\/wp\/v2\/pages\/1518\/revisions\/1863"}],"wp:attachment":[{"href":"https:\/\/forskolanflygandemattan.se\/index.php?rest_route=%2Fwp%2Fv2%2Fmedia&parent=1518"}],"curies":[{"name":"wp","href":"https:\/\/api.w.org\/{rel}","templated":true}]}}